{"id":10023,"date":"2024-06-02T17:42:08","date_gmt":"2024-06-02T17:42:08","guid":{"rendered":"https:\/\/fedemanabi.com.ec\/wpman\/?page_id=10023"},"modified":"2024-06-05T16:14:41","modified_gmt":"2024-06-05T16:14:41","slug":"somos","status":"publish","type":"page","link":"https:\/\/fedemanabi.com.ec\/wpman\/somos\/","title":{"rendered":"Quienes Somos"},"content":{"rendered":"\t\t<div data-elementor-type=\"wp-page\" data-elementor-id=\"10023\" class=\"elementor elementor-10023\">\n\t\t\t\t\t\t<section class=\"elementor-section elementor-top-section elementor-element elementor-element-0dfe70f elementor-section-boxed elementor-section-height-default elementor-section-height-default\" data-id=\"0dfe70f\" data-element_type=\"section\" data-e-type=\"section\">\n\t\t\t\t\t\t<div class=\"elementor-container elementor-column-gap-default\">\n\t\t\t\t\t<div class=\"elementor-column elementor-col-100 elementor-top-column elementor-element elementor-element-9ad625b\" data-id=\"9ad625b\" data-element_type=\"column\" data-e-type=\"column\">\n\t\t\t<div class=\"elementor-widget-wrap elementor-element-populated\">\n\t\t\t\t\t\t<section class=\"elementor-section elementor-inner-section elementor-element elementor-element-498d5c8 elementor-section-boxed elementor-section-height-default elementor-section-height-default\" data-id=\"498d5c8\" data-element_type=\"section\" data-e-type=\"section\">\n\t\t\t\t\t\t<div class=\"elementor-container elementor-column-gap-default\">\n\t\t\t\t\t<div class=\"elementor-column elementor-col-50 elementor-inner-column elementor-element elementor-element-9c3c6e8\" data-id=\"9c3c6e8\" data-element_type=\"column\" data-e-type=\"column\">\n\t\t\t<div class=\"elementor-widget-wrap elementor-element-populated\">\n\t\t\t\t\t\t<div class=\"elementor-element elementor-element-5b9e8b1 elementor-invisible elementor-widget elementor-widget-mae-headings\" data-id=\"5b9e8b1\" data-element_type=\"widget\" data-e-type=\"widget\" data-widget_type=\"mae-headings.default\">\n\t\t\t\t<div class=\"elementor-widget-container\">\n\t\t\t\t\t\t\t<div class=\"master-heading sep-top\">\n\t\t\t<div class=\"sep\"><\/div>\t        \t        \t<div class=\"pre-heading\">95 A\u00d1OS DE VIDA INSTITUCIONAL<\/div>\n\t        \n\t        \n\t        \t        <h2 class=\"main-heading\">Federaci\u00f3n Deportiva de Manab\u00ed<\/h2>\n\t        \n\t        \n\t        \t    <\/div>\n\t    \t\t\t\t<\/div>\n\t\t\t\t<\/div>\n\t\t\t\t<div class=\"elementor-element elementor-element-d1b2062 elementor-widget elementor-widget-text-editor\" data-id=\"d1b2062\" data-element_type=\"widget\" data-e-type=\"widget\" data-widget_type=\"text-editor.default\">\n\t\t\t\t<div class=\"elementor-widget-container\">\n\t\t\t\t\t\t\t\t\t<p>El 6 de septiembre de 1928 la Federaci\u00f3n Deportiva de Manab\u00ed comenz\u00f3 a escribir una historia llena de triunfos.<\/p><p>Todo inici\u00f3 cuando un grupo de ciudadanos manabitas y de otras provincias se reunieron para conformar el organismo provincial que avale la participaci\u00f3n de la selecci\u00f3n en el Torneo Nacional de F\u00fatbol \u201cEscudo Cambrian\u201d, el cual fue ganado por nuestros futbolistas.<\/p><p>Desde aquel momento transitamos por un sendero plet\u00f3rico de alegr\u00edas, victorias y momentos inolvidables, que forjaron nuestra identidad y nos convirtieron en una instituci\u00f3n referente para el deporte ecuatoriano.<\/p>\t\t\t\t\t\t\t\t<\/div>\n\t\t\t\t<\/div>\n\t\t\t\t<div class=\"elementor-element elementor-element-641e1fd icon-default elementor-widget elementor-widget-mae-icon-text\" data-id=\"641e1fd\" data-element_type=\"widget\" data-e-type=\"widget\" data-widget_type=\"mae-icon-text.default\">\n\t\t\t\t<div class=\"elementor-widget-container\">\n\t\t\t\t\t\n\t\t<div class=\"master-icon-text\">\n\t        <div class=\"icon-wrap\">\n\t\t        \t        <\/div> \n\n\t        <div class=\"content-wrap\">\n\t            .\t        <\/div>\n\t    <\/div>\n\n\t    \t\t\t\t<\/div>\n\t\t\t\t<\/div>\n\t\t\t\t\t<\/div>\n\t\t<\/div>\n\t\t\t\t<div class=\"elementor-column elementor-col-50 elementor-inner-column elementor-element elementor-element-e09e18a\" data-id=\"e09e18a\" data-element_type=\"column\" data-e-type=\"column\">\n\t\t\t<div class=\"elementor-widget-wrap elementor-element-populated\">\n\t\t\t\t\t\t<div class=\"elementor-element elementor-element-9b36da9 image-width-full elementor-widget elementor-widget-mae-gallery-stack\" data-id=\"9b36da9\" data-element_type=\"widget\" data-e-type=\"widget\" data-widget_type=\"mae-gallery-stack.default\">\n\t\t\t\t<div class=\"elementor-widget-container\">\n\t\t\t\t\t\t\t<div class=\"master-gallery-stack\">\n\t\t\t<div class=\"master-fancy-image elementor-repeater-item-62400d2\" data-top=\"205px\" data-parallax='{\"x\" : 60, \"y\" : 0, \"smoothness\" : 30}'>\n\t\t\t\t\t\t\t\t\t<div class=\"image-wrap\"><img fetchpriority=\"high\" decoding=\"async\" width=\"485\" height=\"641\" src=\"https:\/\/fedemanabi.com.ec\/wpman\/wp-content\/uploads\/2024\/05\/JOSE-TKD.jpg\" class=\"attachment-full size-full\" alt=\"\" srcset=\"https:\/\/fedemanabi.com.ec\/wpman\/wp-content\/uploads\/2024\/05\/JOSE-TKD.jpg 485w, https:\/\/fedemanabi.com.ec\/wpman\/wp-content\/uploads\/2024\/05\/JOSE-TKD-227x300.jpg 227w\" sizes=\"(max-width: 485px) 100vw, 485px\" \/><\/div>\n\t\t\t\t\t\t\t\t<\/div><div class=\"master-fancy-image elementor-repeater-item-b9fdf14\" data-top=\"0px\" data-parallax='{\"x\" : -60, \"y\" : 0, \"smoothness\" : 30}'>\n\t\t\t\t\t\t\t\t\t<div class=\"image-wrap\"><img decoding=\"async\" width=\"735\" height=\"330\" src=\"https:\/\/fedemanabi.com.ec\/wpman\/wp-content\/uploads\/2024\/05\/CARMEN-CHALA.jpeg\" class=\"attachment-full size-full\" alt=\"\" srcset=\"https:\/\/fedemanabi.com.ec\/wpman\/wp-content\/uploads\/2024\/05\/CARMEN-CHALA.jpeg 735w, https:\/\/fedemanabi.com.ec\/wpman\/wp-content\/uploads\/2024\/05\/CARMEN-CHALA-300x135.jpeg 300w, https:\/\/fedemanabi.com.ec\/wpman\/wp-content\/uploads\/2024\/05\/CARMEN-CHALA-600x269.jpeg 600w\" sizes=\"(max-width: 735px) 100vw, 735px\" \/><\/div>\n\t\t\t\t\t\t\t\t<\/div><div class=\"master-fancy-image elementor-repeater-item-67f40b3\" data-top=\"0px\" data-parallax='{\"x\" : -60, \"y\" : 0, \"smoothness\" : 30}'>\n\t\t\t\t\t\t\t\t\t<div class=\"image-wrap\"><img decoding=\"async\" width=\"400\" height=\"256\" src=\"https:\/\/fedemanabi.com.ec\/wpman\/wp-content\/uploads\/2024\/06\/ESTEFANIA-GARCIA.jpg\" class=\"attachment-full size-full\" alt=\"\" srcset=\"https:\/\/fedemanabi.com.ec\/wpman\/wp-content\/uploads\/2024\/06\/ESTEFANIA-GARCIA.jpg 400w, https:\/\/fedemanabi.com.ec\/wpman\/wp-content\/uploads\/2024\/06\/ESTEFANIA-GARCIA-300x192.jpg 300w\" sizes=\"(max-width: 400px) 100vw, 400px\" \/><\/div>\n\t\t\t\t\t\t\t\t<\/div><div class=\"master-fancy-image elementor-repeater-item-5d50abc\" data-top=\"167px\">\n\t\t\t\t\t\t\t\t\t\t<div class=\"image-wrap\"><img loading=\"lazy\" decoding=\"async\" width=\"1160\" height=\"650\" src=\"https:\/\/fedemanabi.com.ec\/wpman\/wp-content\/uploads\/2024\/06\/GENESIS-REASCOS.jpg\" class=\"attachment-full size-full\" alt=\"\" srcset=\"https:\/\/fedemanabi.com.ec\/wpman\/wp-content\/uploads\/2024\/06\/GENESIS-REASCOS.jpg 1160w, https:\/\/fedemanabi.com.ec\/wpman\/wp-content\/uploads\/2024\/06\/GENESIS-REASCOS-300x168.jpg 300w, https:\/\/fedemanabi.com.ec\/wpman\/wp-content\/uploads\/2024\/06\/GENESIS-REASCOS-1024x574.jpg 1024w, https:\/\/fedemanabi.com.ec\/wpman\/wp-content\/uploads\/2024\/06\/GENESIS-REASCOS-768x430.jpg 768w, https:\/\/fedemanabi.com.ec\/wpman\/wp-content\/uploads\/2024\/06\/GENESIS-REASCOS-600x336.jpg 600w\" sizes=\"(max-width: 1160px) 100vw, 1160px\" \/><\/div>\n\t\t\t\t\t\t\t\t\t<\/div><div class=\"master-fancy-image elementor-repeater-item-a1727f0\" data-top=\"0px\">\n\t\t\t\t\t\t\t\t\t\t<div class=\"image-wrap\"><img loading=\"lazy\" decoding=\"async\" width=\"171\" height=\"235\" src=\"https:\/\/fedemanabi.com.ec\/wpman\/wp-content\/uploads\/2024\/06\/JULIO-SANTOS-NATACION.jpg\" class=\"attachment-full size-full\" alt=\"\" \/><\/div>\n\t\t\t\t\t\t\t\t\t<\/div>\t\t<\/div>\n\t    \t\t\t\t<\/div>\n\t\t\t\t<\/div>\n\t\t\t\t<div class=\"elementor-element elementor-element-7453a6f elementor-widget-divider--view-line elementor-widget elementor-widget-divider\" data-id=\"7453a6f\" data-element_type=\"widget\" data-e-type=\"widget\" data-widget_type=\"divider.default\">\n\t\t\t\t<div class=\"elementor-widget-container\">\n\t\t\t\t\t\t\t<div class=\"elementor-divider\">\n\t\t\t<span class=\"elementor-divider-separator\">\n\t\t\t\t\t\t<\/span>\n\t\t<\/div>\n\t\t\t\t\t\t<\/div>\n\t\t\t\t<\/div>\n\t\t\t\t\t<\/div>\n\t\t<\/div>\n\t\t\t\t\t<\/div>\n\t\t<\/section>\n\t\t\t\t<section class=\"elementor-section elementor-inner-section elementor-element elementor-element-5fdd37b elementor-section-boxed elementor-section-height-default elementor-section-height-default\" data-id=\"5fdd37b\" data-element_type=\"section\" data-e-type=\"section\">\n\t\t\t\t\t\t<div class=\"elementor-container elementor-column-gap-default\">\n\t\t\t\t\t<div class=\"elementor-column elementor-col-100 elementor-inner-column elementor-element elementor-element-a5b8cb3\" data-id=\"a5b8cb3\" data-element_type=\"column\" data-e-type=\"column\">\n\t\t\t<div class=\"elementor-widget-wrap elementor-element-populated\">\n\t\t\t\t\t\t<div class=\"elementor-element elementor-element-a1f970b elementor-widget elementor-widget-text-editor\" data-id=\"a1f970b\" data-element_type=\"widget\" data-e-type=\"widget\" data-widget_type=\"text-editor.default\">\n\t\t\t\t<div class=\"elementor-widget-container\">\n\t\t\t\t\t\t\t\t\t<div class=\"pull-right col-md-5 \"><blockquote><p style=\"text-align: center;\"><em>\u00abFederaci\u00f3n Deportiva de Manab\u00ed formando campeones para la Patria\u00bb<\/em><\/p><\/blockquote><\/div><p>El primer presidente de la instituci\u00f3n fue el profesor jipijapense Plutarco Carbo, quien fue un entusiasta impulsor para la creaci\u00f3n de la entidad deportiva provincial.<\/p><p>Posteriormente y a lo largo de estos 95 a\u00f1os, varias personalidades tuvieron el grat\u00edsimo honor de ocupar el sill\u00f3n presidencial que alfombraron el camino por el cual transita nuestro desarrollo deportivo actual.<\/p><p>Entre ellos figuran Pedro Zambrano Barcia, Juan Ram\u00f3n Cevallos, Ram\u00f3n Edulfo Cede\u00f1o, Macario Guti\u00e9rrez, Verdi Cevallos, Aquiles Valencia, Ignacio Hidalgo, Gerardino Pinoargote, Alberto Cede\u00f1o, Lincoln Verduga, Jos\u00e9 Saeteros, Astolfo J\u00e1come, Enrique Morl\u00e1s, Len\u00edn Delgado, Alberto Sol\u00f3rzano, Vicente Guti\u00e9rrez, Jos\u00e9 \u00c1lava, Francis Giler, Carlos Vera, Lauro Cede\u00f1o y Juan Carlos Basurto, quien dirige la actual administraci\u00f3n para el periodo 2023-2027.<\/p><p>Manab\u00ed es una de las provincias m\u00e1s grandes del pa\u00eds. Grande en extensi\u00f3n territorial, grande en laboriosidad, grande en bondad y hospitalidad, y grande, muy grande, en el valor deportivo.<\/p><p>Dentro de una lista interminable de futbolistas que llenaron de emoci\u00f3n y pasi\u00f3n a los aficionados en todo el pa\u00eds, podr\u00edamos recordar a Plutarco Ponce, el gran capit\u00e1n de nuestras primeras selecciones de f\u00fatbol.<\/p><p>El judo es uno de los deportes que mayor prestigio ha dado a la provincia con su atleta insigne, Carmen Chal\u00e1 Quilumba, quien fue campeona nacional, sudamericana, panamericana y represent\u00f3 al pa\u00eds en tres Juegos Ol\u00edmpicos (Sidney 2000, Atenas 2004 y Pek\u00edn 2008).<\/p><p>Otra de las judocas m\u00e1s destacadas fue Estefan\u00eda Garc\u00eda Mendoza, quien compiti\u00f3 en los Juegos Ol\u00edmpicos de Londres 2012, R\u00edo de Janeiro 2016 y Tokio 2021 .<\/p><p>En otras disciplinas Manab\u00ed logr\u00f3 tambi\u00e9n a lo largo de su historia, resonantes triunfos a nivel nacional e internacional, a trav\u00e9s de deportistas de la talla del pesista Joe Garc\u00eda y del taekwondista Pascual Pacheco, los primeros manabitas en participar en unos Juegos Ol\u00edmpicos: los de Se\u00fal (Corea) en 1988.<\/p><p>La disciplina de taekwondo tiene una historia muy productiva de campeones nacionales e internacionales, destacando n\u00edtidamente el t\u00edtulo mundial logrado por Jos\u00e9 Cede\u00f1o Barre en el torneo que se realiz\u00f3 en Guayaquil en 1982.<\/p><p>La nataci\u00f3n tambi\u00e9n ha brindado a la provincia excelentes deportistas, como es el caso de Julio Santos Mac\u00edas, quien tambi\u00e9n luci\u00f3 la tricolor en los Juegos Ol\u00edmpicos de Atlanta 1996, Sidney 2000 y Atenas 2004.<\/p><p>A ese legado de grandes atletas, hoy se suman j\u00f3venes promesas que ya hacen sentir sus nombres dentro y fuera del pa\u00eds, como la microtenista Maybelline Men\u00e9ndez, la judoca Blanca Chal\u00e1, la basquetbolista G\u00eda Zambrano, el escalador Tulio Obreg\u00f3n, el nadador Juan Alc\u00edvar, el atleta Dyander Pacho, el karateca Jes\u00fas Veintimilla, la luchadora G\u00e9nesis Reasco, los boxeadores Luis Delgado y Helen S\u00e1nchez, entre otros.<\/p><p>En nuestras vitrinas reposan trofeos, medallas y un sinn\u00famero de distinciones, que nos llenan de orgullo y que permiten gritar con fuerza \u00a1Viva nuestra gloriosa Federaci\u00f3n Deportiva de Manab\u00ed!<\/p>\t\t\t\t\t\t\t\t<\/div>\n\t\t\t\t<\/div>\n\t\t\t\t\t<\/div>\n\t\t<\/div>\n\t\t\t\t\t<\/div>\n\t\t<\/section>\n\t\t\t\t<div class=\"elementor-element elementor-element-6ef72ed elementor-widget elementor-widget-spacer\" data-id=\"6ef72ed\" data-element_type=\"widget\" data-e-type=\"widget\" data-widget_type=\"spacer.default\">\n\t\t\t\t<div class=\"elementor-widget-container\">\n\t\t\t\t\t\t\t<div class=\"elementor-spacer\">\n\t\t\t<div class=\"elementor-spacer-inner\"><\/div>\n\t\t<\/div>\n\t\t\t\t\t\t<\/div>\n\t\t\t\t<\/div>\n\t\t\t\t\t<\/div>\n\t\t<\/div>\n\t\t\t\t\t<\/div>\n\t\t<\/section>\n\t\t<div class=\"elementor-element elementor-element-0d37e69 e-flex e-con-boxed e-con e-parent\" data-id=\"0d37e69\" data-element_type=\"container\" data-e-type=\"container\">\n\t\t\t\t\t<div class=\"e-con-inner\">\n\t\t<div class=\"elementor-element elementor-element-6cffec3 e-con-full e-flex e-con e-child\" data-id=\"6cffec3\" data-element_type=\"container\" data-e-type=\"container\" data-settings=\"{&quot;background_background&quot;:&quot;classic&quot;}\">\n\t\t\t\t<div class=\"elementor-element elementor-element-65267e1 align-center icon-has-bg elementor-widget elementor-widget-mae-icon-text\" data-id=\"65267e1\" data-element_type=\"widget\" data-e-type=\"widget\" data-widget_type=\"mae-icon-text.default\">\n\t\t\t\t<div class=\"elementor-widget-container\">\n\t\t\t\t\t\n\t\t<div class=\"master-icon-text\">\n\t        <div class=\"icon-wrap\">\n\t\t        <i aria-hidden=\"true\" class=\"ci-tick\"><\/i>\t        <\/div> \n\n\t        <div class=\"content-wrap\">\n\t            Misi\u00f3n\t        <\/div>\n\t    <\/div>\n\n\t    \t\t\t\t<\/div>\n\t\t\t\t<\/div>\n\t\t\t\t<div class=\"elementor-element elementor-element-e3a7b29 elementor-widget elementor-widget-text-editor\" data-id=\"e3a7b29\" data-element_type=\"widget\" data-e-type=\"widget\" data-widget_type=\"text-editor.default\">\n\t\t\t\t<div class=\"elementor-widget-container\">\n\t\t\t\t\t\t\t\t\t<p style=\"text-align: center;\">La FDM, conformada por un grupo humano capacitado, se encuentra comprometida en desarrollar, planificar, fomentar, controlar, impulsar y supervisar las actividades de los organismos deportivos de su jurisdicci\u00f3n, fortaleciendo los procesos en el deporte formativo en el marco del buen vivir y mejorando los resultados deportivos en la b\u00fasqueda permanente de la superaci\u00f3n y la excelencia, mediante la adecuada administraci\u00f3n de su infraestructura y la atenci\u00f3n integral al deportista.<\/p>\t\t\t\t\t\t\t\t<\/div>\n\t\t\t\t<\/div>\n\t\t\t\t<div class=\"elementor-element elementor-element-d20453f elementor-widget-divider--view-line elementor-widget elementor-widget-divider\" data-id=\"d20453f\" data-element_type=\"widget\" data-e-type=\"widget\" data-widget_type=\"divider.default\">\n\t\t\t\t<div class=\"elementor-widget-container\">\n\t\t\t\t\t\t\t<div class=\"elementor-divider\">\n\t\t\t<span class=\"elementor-divider-separator\">\n\t\t\t\t\t\t<\/span>\n\t\t<\/div>\n\t\t\t\t\t\t<\/div>\n\t\t\t\t<\/div>\n\t\t\t\t<\/div>\n\t\t\t\t<div class=\"elementor-element elementor-element-2db7559 elementor-widget__width-initial elementor-widget-divider--view-line elementor-widget elementor-widget-divider\" data-id=\"2db7559\" data-element_type=\"widget\" data-e-type=\"widget\" data-widget_type=\"divider.default\">\n\t\t\t\t<div class=\"elementor-widget-container\">\n\t\t\t\t\t\t\t<div class=\"elementor-divider\">\n\t\t\t<span class=\"elementor-divider-separator\">\n\t\t\t\t\t\t<\/span>\n\t\t<\/div>\n\t\t\t\t\t\t<\/div>\n\t\t\t\t<\/div>\n\t\t<div class=\"elementor-element elementor-element-f865213 e-con-full e-flex e-con e-child\" data-id=\"f865213\" data-element_type=\"container\" data-e-type=\"container\" data-settings=\"{&quot;background_background&quot;:&quot;classic&quot;}\">\n\t\t\t\t<div class=\"elementor-element elementor-element-800d160 align-center icon-has-bg elementor-widget elementor-widget-mae-icon-text\" data-id=\"800d160\" data-element_type=\"widget\" data-e-type=\"widget\" data-widget_type=\"mae-icon-text.default\">\n\t\t\t\t<div class=\"elementor-widget-container\">\n\t\t\t\t\t\n\t\t<div class=\"master-icon-text\">\n\t        <div class=\"icon-wrap\">\n\t\t        <i aria-hidden=\"true\" class=\"ci-tick\"><\/i>\t        <\/div> \n\n\t        <div class=\"content-wrap\">\n\t            Visi\u00f3n\t        <\/div>\n\t    <\/div>\n\n\t    \t\t\t\t<\/div>\n\t\t\t\t<\/div>\n\t\t\t\t<div class=\"elementor-element elementor-element-123d8c4 elementor-widget elementor-widget-text-editor\" data-id=\"123d8c4\" data-element_type=\"widget\" data-e-type=\"widget\" data-widget_type=\"text-editor.default\">\n\t\t\t\t<div class=\"elementor-widget-container\">\n\t\t\t\t\t\t\t\t\t<p style=\"text-align: center;\">la FDM ser\u00e1 una organizaci\u00f3n que, mediante la implementaci\u00f3n de una gesti\u00f3n integral e integrada en el marco del deporte formativo, promover\u00e1 el desarrollo social, f\u00edsico, moral y cultural de los deportistas, como parte de una sociedad y en beneficio de la misma, con el fin de incrementar el numero de deportistas manabitas seleccionados por las diferentes federaciones ecuatorianas por deportes.<\/p>\t\t\t\t\t\t\t\t<\/div>\n\t\t\t\t<\/div>\n\t\t\t\t<div class=\"elementor-element elementor-element-143c1c5 elementor-widget-divider--view-line elementor-widget elementor-widget-divider\" data-id=\"143c1c5\" data-element_type=\"widget\" data-e-type=\"widget\" data-widget_type=\"divider.default\">\n\t\t\t\t<div class=\"elementor-widget-container\">\n\t\t\t\t\t\t\t<div class=\"elementor-divider\">\n\t\t\t<span class=\"elementor-divider-separator\">\n\t\t\t\t\t\t<\/span>\n\t\t<\/div>\n\t\t\t\t\t\t<\/div>\n\t\t\t\t<\/div>\n\t\t\t\t<\/div>\n\t\t\t\t\t<\/div>\n\t\t\t\t<\/div>\n\t\t\t\t<\/div>\n\t\t","protected":false},"excerpt":{"rendered":"<p>95 A\u00d1OS DE VIDA INSTITUCIONAL Federaci\u00f3n Deportiva de Manab\u00ed El 6 de septiembre de 1928 la Federaci\u00f3n Deportiva de Manab\u00ed comenz\u00f3 a escribir una historia llena de triunfos. Todo inici\u00f3 cuando un grupo de ciudadanos manabitas y de otras provincias se reunieron para conformar el organismo provincial que avale la<\/p>\n","protected":false},"author":1,"featured_media":0,"parent":0,"menu_order":0,"comment_status":"closed","ping_status":"closed","template":"","meta":{"footnotes":""},"class_list":["post-10023","page","type-page","status-publish","hentry"],"_links":{"self":[{"href":"https:\/\/fedemanabi.com.ec\/wpman\/wp-json\/wp\/v2\/pages\/10023","targetHints":{"allow":["GET"]}}],"collection":[{"href":"https:\/\/fedemanabi.com.ec\/wpman\/wp-json\/wp\/v2\/pages"}],"about":[{"href":"https:\/\/fedemanabi.com.ec\/wpman\/wp-json\/wp\/v2\/types\/page"}],"author":[{"embeddable":true,"href":"https:\/\/fedemanabi.com.ec\/wpman\/wp-json\/wp\/v2\/users\/1"}],"replies":[{"embeddable":true,"href":"https:\/\/fedemanabi.com.ec\/wpman\/wp-json\/wp\/v2\/comments?post=10023"}],"version-history":[{"count":29,"href":"https:\/\/fedemanabi.com.ec\/wpman\/wp-json\/wp\/v2\/pages\/10023\/revisions"}],"predecessor-version":[{"id":10190,"href":"https:\/\/fedemanabi.com.ec\/wpman\/wp-json\/wp\/v2\/pages\/10023\/revisions\/10190"}],"wp:attachment":[{"href":"https:\/\/fedemanabi.com.ec\/wpman\/wp-json\/wp\/v2\/media?parent=10023"}],"curies":[{"name":"wp","href":"https:\/\/api.w.org\/{rel}","templated":true}]}}