{"id":86,"date":"2021-07-02T20:19:51","date_gmt":"2021-07-02T20:19:51","guid":{"rendered":"https:\/\/tplabs.co\/ametok\/?page_id=86"},"modified":"2025-07-13T16:55:16","modified_gmt":"2025-07-13T16:55:16","slug":"news-grid","status":"publish","type":"page","link":"https:\/\/fedemanabi.com.ec\/wpman\/news-grid\/","title":{"rendered":"Noticias"},"content":{"rendered":"\t\t<div data-elementor-type=\"wp-page\" data-elementor-id=\"86\" class=\"elementor elementor-86\">\n\t\t\t\t\t\t<section class=\"elementor-section elementor-top-section elementor-element elementor-element-84f8f5a elementor-section-boxed elementor-section-height-default elementor-section-height-default\" data-id=\"84f8f5a\" data-element_type=\"section\" data-e-type=\"section\">\n\t\t\t\t\t\t<div class=\"elementor-container elementor-column-gap-default\">\n\t\t\t\t\t<div class=\"elementor-column elementor-col-100 elementor-top-column elementor-element elementor-element-82919cf\" data-id=\"82919cf\" data-element_type=\"column\" data-e-type=\"column\">\n\t\t\t<div class=\"elementor-widget-wrap elementor-element-populated\">\n\t\t\t\t\t\t<div class=\"elementor-element elementor-element-3883e07 e-transform news-style-1 elementor-widget elementor-widget-mae-news-grid\" data-id=\"3883e07\" data-element_type=\"widget\" data-e-type=\"widget\" data-settings=\"{&quot;_transform_rotateZ_effect&quot;:{&quot;unit&quot;:&quot;px&quot;,&quot;size&quot;:&quot;&quot;,&quot;sizes&quot;:[]},&quot;_transform_rotateZ_effect_tablet&quot;:{&quot;unit&quot;:&quot;deg&quot;,&quot;size&quot;:&quot;&quot;,&quot;sizes&quot;:[]},&quot;_transform_rotateZ_effect_mobile&quot;:{&quot;unit&quot;:&quot;deg&quot;,&quot;size&quot;:&quot;&quot;,&quot;sizes&quot;:[]}}\" data-widget_type=\"mae-news-grid.default\">\n\t\t\t\t<div class=\"elementor-widget-container\">\n\t\t\t\t\t\n        <div class=\"master-portfolio news-style-1\" data-config='{\"columns\":\"3,3,2,1\",\"gapHorizontal\":30,\"gapVertical\":30,\"layoutMode\":\"grid\"}'>\n            <div class=\"galleries cbp\">\n                                    \n                        <div class=\"master-news cbp-item\">\n                            <div class=\"image-wrap\"><a class=\"thumb\" href=\"https:\/\/fedemanabi.com.ec\/wpman\/blog\/2026\/05\/08\/clisman-carracedo-veliz-plata-panamericana-en-coralville-2026\/\" aria-label=\"CLISMAN CARRACEDO V\u00c9LIZ, PLATA PANAMERICANA EN CORALVILLE 2026\"><img fetchpriority=\"high\" decoding=\"async\" width=\"370\" height=\"280\" src=\"https:\/\/fedemanabi.com.ec\/wpman\/wp-content\/uploads\/2026\/05\/PLATA-CAMPEONATO-PANAMERICANO-LUCHA-2026-3-370x280.jpg\" class=\"attachment-mae-std6 size-mae-std6 wp-post-image\" alt=\"\" \/><\/a><span class=\"post-date square\"><span>08<\/span><span>May<\/span><\/span><\/div><div class=\"content-wrap\"><div class=\"post-meta\"><\/div><h3 class=\"headline-2\"><a href=\"https:\/\/fedemanabi.com.ec\/wpman\/blog\/2026\/05\/08\/clisman-carracedo-veliz-plata-panamericana-en-coralville-2026\/\">CLISMAN CARRACEDO V\u00c9LIZ, PLATA PANAMERICANA EN CORALVILLE 2026<\/a><\/h3><div class=\"desc\">El destacado luchador manabita Clisman Carracedo se colg\u00f3 la medalla de plata en la categor\u00eda de 60 kg grecorromana del Campeonato Panamericano S\u00e9nior 2026, que se disputa en Coralville, Iowa (Estados Unidos) del 7 al 10 de mayo.\u00a0Carracedo inici\u00f3 su camino en el torneo enfrentando a Edrick Mart\u00ednez, de Puerto<\/div><\/div>                        <\/div>\n                    \n                        <div class=\"master-news cbp-item\">\n                            <div class=\"image-wrap\"><a class=\"thumb\" href=\"https:\/\/fedemanabi.com.ec\/wpman\/blog\/2026\/05\/07\/manabi-destaco-en-el-nacional-sub-23-de-lucha-con-miras-al-panamericano\/\" aria-label=\"MANAB\u00cd DESTAC\u00d3 EN EL NACIONAL SUB-23 DE LUCHA CON MIRAS AL PANAMERICANO\"><img decoding=\"async\" width=\"370\" height=\"280\" src=\"https:\/\/fedemanabi.com.ec\/wpman\/wp-content\/uploads\/2026\/05\/CAMPEONATO-NACIONAL-SUB-23-2026-370x280.jpg\" class=\"attachment-mae-std6 size-mae-std6 wp-post-image\" alt=\"\" \/><\/a><span class=\"post-date square\"><span>07<\/span><span>May<\/span><\/span><\/div><div class=\"content-wrap\"><div class=\"post-meta\"><\/div><h3 class=\"headline-2\"><a href=\"https:\/\/fedemanabi.com.ec\/wpman\/blog\/2026\/05\/07\/manabi-destaco-en-el-nacional-sub-23-de-lucha-con-miras-al-panamericano\/\">MANAB\u00cd DESTAC\u00d3 EN EL NACIONAL SUB-23 DE LUCHA CON MIRAS AL PANAMERICANO<\/a><\/h3><div class=\"desc\">La provincia de Manab\u00ed cumpli\u00f3 una destacada actuaci\u00f3n en el Campeonato Nacional...<\/div><\/div>                        <\/div>\n                    \n                        <div class=\"master-news cbp-item\">\n                            <div class=\"image-wrap\"><a class=\"thumb\" href=\"https:\/\/fedemanabi.com.ec\/wpman\/blog\/2026\/05\/07\/manabi-brillo-en-el-campeonato-nacional-de-lucha-sub-15\/\" aria-label=\"MANAB\u00cd BRILL\u00d3 EN EL CAMPEONATO NACIONAL DE LUCHA SUB-15\"><img decoding=\"async\" width=\"370\" height=\"280\" src=\"https:\/\/fedemanabi.com.ec\/wpman\/wp-content\/uploads\/2026\/05\/CAMPEONATO-NACIONAL-MENORES-2026-370x280.jpg\" class=\"attachment-mae-std6 size-mae-std6 wp-post-image\" alt=\"\" \/><\/a><span class=\"post-date square\"><span>07<\/span><span>May<\/span><\/span><\/div><div class=\"content-wrap\"><div class=\"post-meta\"><\/div><h3 class=\"headline-2\"><a href=\"https:\/\/fedemanabi.com.ec\/wpman\/blog\/2026\/05\/07\/manabi-brillo-en-el-campeonato-nacional-de-lucha-sub-15\/\">MANAB\u00cd BRILL\u00d3 EN EL CAMPEONATO NACIONAL DE LUCHA SUB-15<\/a><\/h3><div class=\"desc\">La provincia de Manab\u00ed cumpli\u00f3 una destacada actuaci\u00f3n en el Campeonato Nacional de Menores<\/div><\/div>                        <\/div>\n                    \n                        <div class=\"master-news cbp-item\">\n                            <div class=\"image-wrap\"><a class=\"thumb\" href=\"https:\/\/fedemanabi.com.ec\/wpman\/blog\/2026\/04\/29\/nadadores-de-fedemanabi-destacaron-en-la-segunda-parada-del-circuito-futuras-promesas\/\" aria-label=\"NADADORES DE FEDEMANAB\u00cd DESTACARON EN LA SEGUNDA PARADA DEL CIRCUITO FUTURAS PROMESAS\"><img loading=\"lazy\" decoding=\"async\" width=\"370\" height=\"280\" src=\"https:\/\/fedemanabi.com.ec\/wpman\/wp-content\/uploads\/2026\/05\/SEGUNDA-PARADA-DEL-CIRCUITO-FUTURAS-PROMESAS-370x280.jpg\" class=\"attachment-mae-std6 size-mae-std6 wp-post-image\" alt=\"\" \/><\/a><span class=\"post-date square\"><span>29<\/span><span>Abr<\/span><\/span><\/div><div class=\"content-wrap\"><div class=\"post-meta\"><\/div><h3 class=\"headline-2\"><a href=\"https:\/\/fedemanabi.com.ec\/wpman\/blog\/2026\/04\/29\/nadadores-de-fedemanabi-destacaron-en-la-segunda-parada-del-circuito-futuras-promesas\/\">NADADORES DE FEDEMANAB\u00cd DESTACARON EN LA SEGUNDA PARADA DEL CIRCUITO FUTURAS PROMESAS<\/a><\/h3><div class=\"desc\">Con una destacada concurrencia de p\u00fablico, concluy\u00f3 el Campeonato de Baloncesto Interligas Sub-15....<\/div><\/div>                        <\/div>\n                    \n                        <div class=\"master-news cbp-item\">\n                            <div class=\"image-wrap\"><a class=\"thumb\" href=\"https:\/\/fedemanabi.com.ec\/wpman\/blog\/2026\/04\/17\/luchadores-manabitas-fueron-contundentes-en-los-juegos-suramericanos-de-la-juventud-panama-2026\/\" aria-label=\"LUCHADORES MANABITAS FUERON CONTUNDENTES EN LOS JUEGOS SURAMERICANOS DE LA JUVENTUD PANAM\u00c1 2026\"><img loading=\"lazy\" decoding=\"async\" width=\"370\" height=\"280\" src=\"https:\/\/fedemanabi.com.ec\/wpman\/wp-content\/uploads\/2026\/04\/img_2_1776618956429-370x280.jpg\" class=\"attachment-mae-std6 size-mae-std6 wp-post-image\" alt=\"\" \/><\/a><span class=\"post-date square\"><span>17<\/span><span>Abr<\/span><\/span><\/div><div class=\"content-wrap\"><div class=\"post-meta\"><\/div><h3 class=\"headline-2\"><a href=\"https:\/\/fedemanabi.com.ec\/wpman\/blog\/2026\/04\/17\/luchadores-manabitas-fueron-contundentes-en-los-juegos-suramericanos-de-la-juventud-panama-2026\/\">LUCHADORES MANABITAS FUERON CONTUNDENTES EN LOS JUEGOS SURAMERICANOS DE LA JUVENTUD PANAM\u00c1 2026<\/a><\/h3><div class=\"desc\">Siete luchadores llevaron con orgullo la bandera de Manab\u00ed a los Juegos Suramericanos de la Juventud Panam\u00e1 <\/div><\/div>                        <\/div>\n                    \n                        <div class=\"master-news cbp-item\">\n                            <div class=\"image-wrap\"><a class=\"thumb\" href=\"https:\/\/fedemanabi.com.ec\/wpman\/blog\/2026\/04\/15\/manabi-vicecampeon-de-la-copa-internacional-de-boxeo-portoviejo-2026\/\" aria-label=\"MANAB\u00cd VICECAMPE\u00d3N DE LA COPA INTERNACIONAL DE BOXEO PORTOVIEJO 2026\"><img loading=\"lazy\" decoding=\"async\" width=\"370\" height=\"280\" src=\"https:\/\/fedemanabi.com.ec\/wpman\/wp-content\/uploads\/2026\/04\/COPA-INTERNACIONAL-BOXEO-370x280.jpg\" class=\"attachment-mae-std6 size-mae-std6 wp-post-image\" alt=\"\" \/><\/a><span class=\"post-date square\"><span>15<\/span><span>Abr<\/span><\/span><\/div><div class=\"content-wrap\"><div class=\"post-meta\"><\/div><h3 class=\"headline-2\"><a href=\"https:\/\/fedemanabi.com.ec\/wpman\/blog\/2026\/04\/15\/manabi-vicecampeon-de-la-copa-internacional-de-boxeo-portoviejo-2026\/\">MANAB\u00cd VICECAMPE\u00d3N DE LA COPA INTERNACIONAL DE BOXEO PORTOVIEJO 2026<\/a><\/h3><div class=\"desc\">Con una destacada actuaci\u00f3n, los boxeadores de Fedemanabi se alzaron con el segundo lugar...<\/div><\/div>                        <\/div>\n                    \n                        <div class=\"master-news cbp-item\">\n                            <div class=\"image-wrap\"><a class=\"thumb\" href=\"https:\/\/fedemanabi.com.ec\/wpman\/blog\/2026\/04\/10\/participacion-de-fedemanabi-en-el-evento-panam-series-patu12-suenos-olimpicos-y-campeonato-nacional-infantil\/\" aria-label=\"PARTICIPACI\u00d3N DE FEDEMANABI EN EL EVENTO PANAM SERIES PATU12 SUE\u00d1OS OL\u00cdMPICOS Y CAMPEONATO NACIONAL INFANTIL\"><img loading=\"lazy\" decoding=\"async\" width=\"370\" height=\"280\" src=\"https:\/\/fedemanabi.com.ec\/wpman\/wp-content\/uploads\/2026\/04\/1-370x280.jpeg\" class=\"attachment-mae-std6 size-mae-std6 wp-post-image\" alt=\"\" \/><\/a><span class=\"post-date square\"><span>10<\/span><span>Abr<\/span><\/span><\/div><div class=\"content-wrap\"><div class=\"post-meta\"><\/div><h3 class=\"headline-2\"><a href=\"https:\/\/fedemanabi.com.ec\/wpman\/blog\/2026\/04\/10\/participacion-de-fedemanabi-en-el-evento-panam-series-patu12-suenos-olimpicos-y-campeonato-nacional-infantil\/\">PARTICIPACI\u00d3N DE FEDEMANABI EN EL EVENTO PANAM SERIES PATU12 SUE\u00d1OS OL\u00cdMPICOS Y CAMPEONATO NACIONAL INFANTIL<\/a><\/h3><div class=\"desc\">Del 26 al 29 de marzo de 2026, FEDEMANABI particip\u00f3 activamente en el evento PANAM SERIES PATU12...<\/div><\/div>                        <\/div>\n                    \n                        <div class=\"master-news cbp-item\">\n                            <div class=\"image-wrap\"><a class=\"thumb\" href=\"https:\/\/fedemanabi.com.ec\/wpman\/blog\/2026\/04\/07\/cinco-medallas-para-manabi-en-el-campeonato-nacional-juvenil-de-karate-do\/\" aria-label=\"CINCO MEDALLAS PARA MANAB\u00cd EN EL CAMPEONATO NACIONAL JUVENIL DE KARATE DO\"><img loading=\"lazy\" decoding=\"async\" width=\"370\" height=\"280\" src=\"https:\/\/fedemanabi.com.ec\/wpman\/wp-content\/uploads\/2026\/04\/5-370x280.jpg\" class=\"attachment-mae-std6 size-mae-std6 wp-post-image\" alt=\"\" \/><\/a><span class=\"post-date square\"><span>07<\/span><span>Abr<\/span><\/span><\/div><div class=\"content-wrap\"><div class=\"post-meta\"><\/div><h3 class=\"headline-2\"><a href=\"https:\/\/fedemanabi.com.ec\/wpman\/blog\/2026\/04\/07\/cinco-medallas-para-manabi-en-el-campeonato-nacional-juvenil-de-karate-do\/\">CINCO MEDALLAS PARA MANAB\u00cd EN EL CAMPEONATO NACIONAL JUVENIL DE KARATE DO<\/a><\/h3><div class=\"desc\">La disciplina de karate (Fedemanab\u00ed) destac\u00f3 en la Segunda Etapa del Primer Campeonato Nacional Juvenil...<\/div><\/div>                        <\/div>\n                    \n                        <div class=\"master-news cbp-item\">\n                            <div class=\"image-wrap\"><a class=\"thumb\" href=\"https:\/\/fedemanabi.com.ec\/wpman\/blog\/2026\/04\/07\/manabita-yukasty-meza-gana-bronce-en-el-panamericano-sub-17-de-beach-wrestling\/\" aria-label=\"MANABITA YUKASTY MEZA GANA BRONCE EN EL PANAMERICANO SUB-17 DE BEACH WRESTLING\"><img loading=\"lazy\" decoding=\"async\" width=\"370\" height=\"280\" src=\"https:\/\/fedemanabi.com.ec\/wpman\/wp-content\/uploads\/2026\/04\/LUCHA1-370x280.jpg\" class=\"attachment-mae-std6 size-mae-std6 wp-post-image\" alt=\"\" \/><\/a><span class=\"post-date square\"><span>07<\/span><span>Abr<\/span><\/span><\/div><div class=\"content-wrap\"><div class=\"post-meta\"><\/div><h3 class=\"headline-2\"><a href=\"https:\/\/fedemanabi.com.ec\/wpman\/blog\/2026\/04\/07\/manabita-yukasty-meza-gana-bronce-en-el-panamericano-sub-17-de-beach-wrestling\/\">MANABITA YUKASTY MEZA GANA BRONCE EN EL PANAMERICANO SUB-17 DE BEACH WRESTLING<\/a><\/h3><div class=\"desc\">La destacada luchadora de Manab\u00ed, Yukasty Meza, logr\u00f3 la medalla de bronce en el Campeonato Panamericano...<\/div><\/div>                        <\/div>\n                                <\/div><!-- galleries -->\n        <\/div><!-- master-portfolio -->\n        <div class=\"ametok-pagination clearfix\"><ul class='page-numbers'>\n\t<li><span aria-label=\"P\u00e1gina 1\" aria-current=\"page\" class=\"page-numbers current\">1<\/span><\/li>\n\t<li><a aria-label=\"P\u00e1gina 2\" class=\"page-numbers\" href=\"https:\/\/fedemanabi.com.ec\/wpman\/wp-json\/wp\/v2\/pages\/86\/page\/2\/\">2<\/a><\/li>\n\t<li><a aria-label=\"P\u00e1gina 3\" class=\"page-numbers\" href=\"https:\/\/fedemanabi.com.ec\/wpman\/wp-json\/wp\/v2\/pages\/86\/page\/3\/\">3<\/a><\/li>\n\t<li><a aria-label=\"P\u00e1gina 4\" class=\"page-numbers\" href=\"https:\/\/fedemanabi.com.ec\/wpman\/wp-json\/wp\/v2\/pages\/86\/page\/4\/\">4<\/a><\/li>\n\t<li><span class=\"page-numbers dots\">&hellip;<\/span><\/li>\n\t<li><a aria-label=\"P\u00e1gina 22\" class=\"page-numbers\" href=\"https:\/\/fedemanabi.com.ec\/wpman\/wp-json\/wp\/v2\/pages\/86\/page\/22\/\">22<\/a><\/li>\n\t<li><a class=\"next page-numbers\" href=\"https:\/\/fedemanabi.com.ec\/wpman\/wp-json\/wp\/v2\/pages\/86\/page\/2\/\"><i class=\"ci-chevron-right\"><\/i><\/a><\/li>\n<\/ul>\n<\/div>\t\t\t\t<\/div>\n\t\t\t\t<\/div>\n\t\t\t\t\t<\/div>\n\t\t<\/div>\n\t\t\t\t\t<\/div>\n\t\t<\/section>\n\t\t\t\t<\/div>\n\t\t","protected":false},"excerpt":{"rendered":"<p>11Jul PLATA PANAMERICANA PARA MANAB\u00cd! CLISMAN CARRACEDO BRILLA EN LIMA El luchador manabita Clisman Carracedo conquist\u00f3 la medalla de plata en la categor\u00eda de 63 Kg del Campeonato 10Jul ORO PARA MANAB\u00cd EN EL TENIS DE CAMPO DE LOS JUEGOS NACIONALES DEL CICLO JUVENIL Los manabitas Viktoria Monge y \u00c1ngel<\/p>\n","protected":false},"author":1,"featured_media":0,"parent":0,"menu_order":0,"comment_status":"closed","ping_status":"closed","template":"","meta":{"footnotes":""},"class_list":["post-86","page","type-page","status-publish","hentry"],"_links":{"self":[{"href":"https:\/\/fedemanabi.com.ec\/wpman\/wp-json\/wp\/v2\/pages\/86","targetHints":{"allow":["GET"]}}],"collection":[{"href":"https:\/\/fedemanabi.com.ec\/wpman\/wp-json\/wp\/v2\/pages"}],"about":[{"href":"https:\/\/fedemanabi.com.ec\/wpman\/wp-json\/wp\/v2\/types\/page"}],"author":[{"embeddable":true,"href":"https:\/\/fedemanabi.com.ec\/wpman\/wp-json\/wp\/v2\/users\/1"}],"replies":[{"embeddable":true,"href":"https:\/\/fedemanabi.com.ec\/wpman\/wp-json\/wp\/v2\/comments?post=86"}],"version-history":[{"count":88,"href":"https:\/\/fedemanabi.com.ec\/wpman\/wp-json\/wp\/v2\/pages\/86\/revisions"}],"predecessor-version":[{"id":11494,"href":"https:\/\/fedemanabi.com.ec\/wpman\/wp-json\/wp\/v2\/pages\/86\/revisions\/11494"}],"wp:attachment":[{"href":"https:\/\/fedemanabi.com.ec\/wpman\/wp-json\/wp\/v2\/media?parent=86"}],"curies":[{"name":"wp","href":"https:\/\/api.w.org\/{rel}","templated":true}]}}